{"id":1736,"date":"2021-11-03T14:08:22","date_gmt":"2021-11-03T13:08:22","guid":{"rendered":"https:\/\/www.privatklinik-ritzensee.at\/services\/"},"modified":"2025-03-14T12:15:49","modified_gmt":"2025-03-14T11:15:49","slug":"services","status":"publish","type":"page","link":"https:\/\/www.privatklinik-ritzensee.at\/en\/services\/","title":{"rendered":"Services"},"content":{"rendered":"<div class=\"leistungen-wrapper container\"><div class=\"category-box-wrapper\"><div class=\"category-box-buttons\"><div class=\"category-box-item-wrapper active\" data-catorder=\"1\" data-category=\"medical-services\"><button class=\"category-box-item\"><div class=\"category-box-buttons-text\">Medical services<\/div><\/button><div class=\"sub-category-wrapper\"><button class=\"sub-category\" data-posttitle=\"aesthetische-chirurgie-en\"><div class=\"leistungen-icon\"><img decoding=\"async\" src=\"https:\/\/www.privatklinik-ritzensee.at\/wp-content\/themes\/nill\/img\/leistungen-icons\/aesthetischechirurgie.svg\"><\/div><div class=\"sub-category-text\">Aesthetic surgery<\/div><\/button><button class=\"sub-category\" data-posttitle=\"augenheilkunde-en\"><div class=\"leistungen-icon\"><img decoding=\"async\" src=\"https:\/\/www.privatklinik-ritzensee.at\/wp-content\/themes\/nill\/img\/leistungen-icons\/augenheilkunde.svg\"><\/div><div class=\"sub-category-text\">Ophthalmology<\/div><\/button><button class=\"sub-category\" data-posttitle=\"gefaess-und-viszeralchirurgie-en\"><div class=\"leistungen-icon\"><img decoding=\"async\" src=\"https:\/\/www.privatklinik-ritzensee.at\/wp-content\/themes\/nill\/img\/leistungen-icons\/gefaesschirurgie.svg\"><\/div><div class=\"sub-category-text\">Vascular and visceral surgery<\/div><\/button><button class=\"sub-category\" data-posttitle=\"hals-nasen-und-ohrenheilkunde-en\"><div class=\"leistungen-icon\"><img decoding=\"async\" src=\"https:\/\/www.privatklinik-ritzensee.at\/wp-content\/themes\/nill\/img\/leistungen-icons\/hnoheilkunde.svg\"><\/div><div class=\"sub-category-text\">Ear, nose and throat medicine<\/div><\/button><button class=\"sub-category\" data-posttitle=\"orthopaedie-en\"><div class=\"leistungen-icon\"><img decoding=\"async\" src=\"https:\/\/www.privatklinik-ritzensee.at\/wp-content\/themes\/nill\/img\/leistungen-icons\/orthopaedie.svg\"><\/div><div class=\"sub-category-text\">Orthopedics<\/div><\/button><button class=\"sub-category\" data-posttitle=\"plastische-chirurgie-en\"><div class=\"leistungen-icon\"><img decoding=\"async\" src=\"https:\/\/www.privatklinik-ritzensee.at\/wp-content\/themes\/nill\/img\/leistungen-icons\/plastischechirurgie.svg\"><\/div><div class=\"sub-category-text\">Plastic surgery<\/div><\/button><button class=\"sub-category\" data-posttitle=\"urologie-en\"><div class=\"leistungen-icon\"><img decoding=\"async\" src=\"https:\/\/www.privatklinik-ritzensee.at\/wp-content\/themes\/nill\/img\/leistungen-icons\/urologie.svg\"><\/div><div class=\"sub-category-text\">Urology<\/div><\/button><button class=\"sub-category\" data-posttitle=\"wirbelsaulenchirurgie-en\"><div class=\"leistungen-icon\"><img decoding=\"async\" src=\"https:\/\/www.privatklinik-ritzensee.at\/wp-content\/themes\/nill\/img\/leistungen-icons\/neurochirurgie.svg\"><\/div><div class=\"sub-category-text\">Spinal surgery<\/div><\/button><\/div><\/div><div class=\"category-box-item-wrapper single-cat-post\" data-catorder=\"2\" data-category=\"diagnostics\"><button class=\"category-box-item\"><div class=\"category-box-buttons-text\">Diagnostics<\/div><\/button><div class=\"sub-category-wrapper\"><button class=\"sub-category\" data-posttitle=\"tauerndiagnostik\"><div class=\"sub-category-text\">Tauern diagnostics<\/div><\/button><\/div><\/div><div class=\"category-box-item-wrapper single-cat-post\" data-catorder=\"4\" data-category=\"kurzzeitpflege-en-leistungen-en\"><button class=\"category-box-item\"><div class=\"category-box-buttons-text\">Short-term care<\/div><\/button><div class=\"sub-category-wrapper\"><button class=\"sub-category\" data-posttitle=\"short-term-care-at-the-privatklinik-ritzensee\"><div class=\"sub-category-text\">Short-term care at the Ritzensee Private Clinic<\/div><\/button><\/div><\/div><\/div><\/div><div class=\"leistungen-content\"><div class=\"leistungen-content-item\" data-posttitle=\"short-term-care-at-the-privatklinik-ritzensee\" data-category=\"services kurzzeitpflege-en--en\">\n<h3 class=\"wp-block-heading\" id=\"kurzzeitpflege-in-der-privatklinik-ritzensee\">Short-term care at the Ritzensee Private Clinic<\/h3>\n\n<p>In addition to care services during medical care, it is also possible to take advantage of individual short-term care models.  <\/p>\n\n<p>As an important relief for family caregivers, the people in our care are in the very best of hands. Nursing and medical services around the clock, a pleasant atmosphere in the building, a high level of comfort and pleasant services also characterize the Ritzensee Private Clinic in the area of &#8220;short-term care&#8221;. Clients also enjoy a beautiful landscape in close proximity to Austria&#8217;s most popular vacation destinations.<\/p>\n\n<p>We are aware of the challenges involved in providing long-term care for your own relatives and can assess situations individually and professionally. Sensitivity, humanity and professionalism characterize all our employees &#8211; we are happy to create an individual concept for you that meets the needs of the person requiring care and their relatives.<\/p>\n\n<p>Further information on costs and dates can be found here:<br\/><a href=\"mailto:office@privatklinik-ritzensee.at\"><strong>office@privatklinik-ritzensee.at<\/strong><\/a><br\/><a href=\"tel:+4365827941024\" data-type=\"tel\" data-id=\"tel:+4365824971024\" target=\"_blank\" rel=\"noreferrer noopener\"><strong>+43 6582 794-1024<\/strong><\/a><\/p>\n<\/div><div class=\"leistungen-content-item\" data-posttitle=\"urologie-en\" data-category=\"medical-services services\">\n<h3 class=\"wp-block-heading\" id=\"urologie-an-der-privatklinik-ritzensee-in-saalfelden\">Urology at the Ritzensee Private Clinic in Saalfelden<\/h3>\n\n<p>The Department of Urology at Salzburg&#8217;s Ritzensee Private Clinic specializes in the diagnosis and treatment of diseases of the urinary organs and male reproductive organs. The urologists at Privatklinik Ritzensee specialize in conservative and surgical treatments.<\/p>\n<h3 class=\"arzt-list-title\">\u00c4rzte<\/h3><div class=\"arzt-list arzt-list-nofilter arzt-list-34\"><\/div>\n<\/div><div class=\"leistungen-content-item\" data-posttitle=\"plastische-chirurgie-en\" data-category=\"medical-services services\">\n<h3 class=\"wp-block-heading\" id=\"plastische-chirurgie-an-der-privatklinik-ritzensee-in-saalfelden\">Plastic surgery at the Ritzensee Private Clinic in Saalfelden<\/h3>\n\n<p>The experts at Privatklinik Ritzensee will be happy to inform you personally about the various plastic surgery treatment options in order to work with you to develop an individual, optimal treatment concept. This is based on solid training with an international, multicultural character and decades of experience in aesthetic and reconstructive plastic surgery. These prerequisites lead to a high level of safety and competence.<\/p>\n<h3 class=\"arzt-list-title\">\u00c4rzte<\/h3><div class=\"arzt-list arzt-list-nofilter arzt-list-31\"><div class=\"arzt-list-item\" data-posttitle=\"dr-patricia-lebo\" data-category=\"aesthetic-surgery;arzt-en;plastic-reconstructive-surgery\" data-lastname=\"Lebo\"><div class=\"lazyblock-arzt-rKbuR wp-block-lazyblock-arzt\">\n<div class=\"arzt-detail-wrapper\">\n    <div class=\"arzt-detail-img-description-wrapper\">\n                <img decoding=\"async\" class=\"arzt-detail-img\" src=\"https:\/\/www.privatklinik-ritzensee.at\/wp-content\/uploads\/2022\/01\/Dr-med-univ-Patricia-Lebo.jpg\"\n            alt=\"L\u00e4chelnde Frau mit lockigem, braunem Haar, vor neutralem Hintergrund.\">\n                <div class=\"arzt-detail-description\"><div class=\"arzt-detail-description-inner\"><\/div><\/div>\n    <\/div>\n    <div class=\"arzt-detail-content-wrapper container\">\n        <div class=\"arzt-detail-content-left\">\n            <div class=\"arzt-detail-contact-wrapper\">\n                <h3 class=\"arzt-detail-contact-title\">\n                    Contact<\/h3>\n                <div class=\"arzt-detail-contact-content\"><p>Praxis Dr. med. Patricia Lebo<br \/>In der Privatklinik Ritzensee<br \/>Schmalenbergham 4<br \/>5760 Saalfelden<br \/>\u00d6sterreich<\/p>\n<p>T:<strong> <a href=\"tel:+436582794530\" target=\"_blank\" rel=\"noopener\">+43 6582 794530<\/a><\/strong><br \/>M: <a title=\"mailto:dr.lebo@die-ordi.at\" href=\"mailto:dr.lebo@die-ordi.at\" target=\"_blank\" rel=\"noopener\" data-linkindex=\"0\" data-olk-copy-source=\"MessageBody\">dr.lebo@die-ordi.at<\/a>\u00a0<\/p><\/div>\n            <\/div>\n            <div class=\"arzt-detail-surgery-hours-wrapper\">\n                <h3 class=\"arzt-detail-surgery-hours-title\">Surgery\n                    hours<\/h3>\n                <div class=\"arzt-detail-surgery-hours-content\">\n                    <table class=\"arzt-detail-surgery-hours-table\">\n                                                <tr class=\"arzt-detail-surgery-hours-entry\">\n                            <td class=\"arzt-detail-surgery-hours-weekday\">nach Vereinbarung<\/td>\n                            <td class=\"arzt-detail-surgery-hours-hours\"><\/td>\n                        <\/tr>\n                                            <\/table>\n                <\/div>\n            <\/div>\n            <a href=\"https:\/\/www.privatklinik-ritzensee.at\/kontakt\/?arzt=dr-patricia-lebo\" class=\"arzt-detail-inquiry\">\n                <div class=\"arzt-detail-inquiry-text\">\n                    Inquire<\/div>\n                <svg xmlns=\"http:\/\/www.w3.org\/2000\/svg\" width=\"78.283\" height=\"22.824\" viewBox=\"0 0 78.283 22.824\">\n                    <path id=\"Pfad_226\" data-name=\"Pfad 226\" d=\"M0,0H78\" transform=\"translate(0 11.412)\" fill=\"none\"\n                        stroke=\"#565f5f\" stroke-linecap=\"round\" stroke-width=\"1\"><\/path>\n                    <path id=\"Pfad_227\" data-name=\"Pfad 227\" d=\"M16,0,0,11\" transform=\"translate(62 11.412)\" fill=\"none\"\n                        stroke=\"#565f5f\" stroke-linecap=\"round\" stroke-width=\"1\"><\/path>\n                    <path id=\"Pfad_228\" data-name=\"Pfad 228\" d=\"M16,11,0,0\" transform=\"translate(62 0.412)\" fill=\"none\"\n                        stroke=\"#565f5f\" stroke-linecap=\"round\" stroke-width=\"1\"><\/path>\n                <\/svg>\n            <\/a>\n        <\/div>\n        <div class=\"arzt-detail-content-right\">\n            <h1 class=\"arzt-detail-doctor-title\">Dr. med. Patricia Lebo<\/h1>\n            <h2 class=\"arzt-detail-doctor-subtitle\">Fach\u00e4rztin f\u00fcr Plastische Rekonstruktive und \u00c4sthetische Chirurgie<\/h2>\n            <div class=\"arzt-detail-infos-wrapper\">\n                <div class=\"arzt-detail-infos-item arzt-detail-infos-treatments accordion-wrapper\">\n                    <h3 class=\"arzt-detail-infos-title accordion-title\">\n                        Treatments<\/h3>\n                    <div class=\"arzt-detail-infos-content accordion-content\"><h3>Handchirurgie<\/h3>\n<ul>\n<li>Rhizarthrose (Daumensattelgelenksarthrose)<\/li>\n<li>Morbus Dupuytren\/ Morbus Ledderhose (krankhaft vermehrtes Bindegewebe im Bereich der Hand bzw. des Fu\u00dfes mit dadurch bedingter Bewegungseinschr\u00e4nkung)<\/li>\n<li>Ganglien (\u00dcberbein)<\/li>\n<li>Sehnenscheidenentz\u00fcndungen und -verengungen<\/li>\n<li>Rekonstruktion (nach z. B. einer Schnittverletzung) von Nerven, Gef\u00e4\u00dfen und Sehnen<\/li>\n<li>Nagel- und Nagelbettchirurgie<\/li>\n<\/ul>\n<h3>Brustchirurgie<\/h3>\n<ul>\n<li>Chirurgische Therapie der zu kleinen oder zu gro\u00dfen Brust,<\/li>\n<li>&#8220;h\u00e4ngenden&#8221; oder &#8220;leeren&#8221; Brust sowie Brustasymmetrien oder Schlauchbrust<\/li>\n<li>Brustvergr\u00f6\u00dferung<\/li>\n<li>Brustverkleinerung<\/li>\n<li>Straffung der Brust<\/li>\n<li>Chirurgische Therapie der m\u00e4nnlichen Brust (Gyn\u00e4komastie)<\/li>\n<\/ul>\n<h3>Periphere Nervenchirurgie<\/h3>\n<ul>\n<li>Karpaltunnelsyndrom<\/li>\n<li>Kubitaltunnelsyndrom (Sulcus-Nervi-ulnaris-Syndrom)<\/li>\n<li>Loge-de-Guyon Syndrom<\/li>\n<li>Tarsaltunnelsyndrom<\/li>\n<\/ul>\n<h3>Therapie von Narben<\/h3>\n<ul>\n<li>Nach Operationen<\/li>\n<li>Nach Unf\u00e4llen<\/li>\n<li>Verbrennungen etc.<\/li>\n<li>Inkl. Behandlung mit Lipofilling<\/li>\n<\/ul>\n<h3>Hauttransplantationen<\/h3>\n<ul>\n<li>Vollhautdeckungen<\/li>\n<li>Spalthautdeckungen<\/li>\n<li>Lokale Lappenplastiken<\/li>\n<\/ul>\n<h3>Hidradenitis suppurativa\/ Akne inversa<\/h3>\n<ul>\n<li>Therapie der eitrigen Entz\u00fcndung von Hautanhangsdr\u00fcsen durch z.B. lokale Lappenplastiken, Hauttransplantation nach Exzision der entsprechenden Areale etc.<\/li>\n<\/ul>\n<h3>Chirurgische Therapie von b\u00f6sartigen und gutartigen Hautver\u00e4nderungen<\/h3>\n<ul>\n<li>Von Kopf bis Fu\u00df<\/li>\n<li>Inkl. Gesichts- und Defektdeckung mit lokalen Lappenplastiken<\/li>\n<li>Spalthaut-, Vollhauttransplantationen<\/li>\n<\/ul>\n<h3>Chronische Wunden \/ Problemwunden<\/h3>\n<ul>\n<li>Bei PAVK und ven\u00f6ser Insuffizienz<\/li>\n<li>Diabetes mellitus<\/li>\n<li>Dekubitus<\/li>\n<\/ul>\n<h3>Augennahe Chirurgie<\/h3>\n<ul>\n<li>Chirurgische Therapie im Bereich der Ober- und Unterlider, Oberlidblepharochalasis- \u201eSchlupflider\u201c, \u201eTr\u00e4nens\u00e4cke\u201c, \u201eFestoons\u201c, \u201eMalar bags\u201c, Ektropium \u2013 Ausw\u00e4rtskippung des Unterlides<\/li>\n<\/ul>\n<h3>K\u00f6rperformende Eingriffe<\/h3>\n<ul>\n<li>Fettabsaugungen (Liposuktion)<\/li>\n<li>K\u00f6rperstraffende Chirurgie \/ chirurgische Therapie von \u00fcbersch\u00fcssigem Haut- und Weichteilgewebe nach massiver Gewichtsabnahme (durch Lifestylemodifikation oder nach bariatrischer Operation)<\/li>\n<li>Bauchdeckenstraffung (Mini-) Abdominoplastik, Beltlift, Oberschenkelstraffung, Oberarmstraffung, Body Lift, Dermolipektomien<\/li>\n<\/ul>\n<h3>Intimchirurgie<\/h3>\n<ul>\n<li>Schamlippenverkleinerung<\/li>\n<li>Narbenkorrektur<\/li>\n<li>Schamh\u00fcgelverkleinerung<\/li>\n<li>Samenleiterrekonstruktion nach Unterbindung<\/li>\n<\/ul>\n<h3>Chirurgische Therapie des \u00e4u\u00dferen Ohres<\/h3>\n<ul>\n<li>Abstehende Ohren<\/li>\n<li>Asymmetrien<\/li>\n<li>Ohrl\u00e4ppchenrekonstruktion (nach Piercings, Tunnels etc.)<\/li>\n<\/ul>\n<h3>Botulinumtoxin etc.<\/h3>\n<ul>\n<li>Botulinumtoxin bei Falten, Migr\u00e4ne, \u00fcberm\u00e4\u00dfigem Schwitzen etc.<\/li>\n<li>Hyalurons\u00e4ure (&#8220;Filler&#8221;)<\/li>\n<li>Behandlungen mit PRP (Platelet Rich Plasma; &#8220;Vampirlift&#8221;)<\/li>\n<li>Mikroneedling zur Verbesserung des Hautbildes bzw. von Narben<\/li>\n<\/ul>\n<h3>Neu<\/h3>\n<ul>\n<li>Eigenfett zur Behandlung von Arthrose und Gelenksverschlei\u00df mit dem Lipogems\u00ae-Verfahren (<a href=\"http:\/\/www.lipogems.com\" target=\"_blank\" rel=\"noopener\">www.lipogems.com<\/a>)<\/li>\n<\/ul>                    <\/div>\n                <\/div>\n                                <div class=\"arzt-detail-infos-item arzt-detail-infos-biography accordion-wrapper\">\n                    <h3 class=\"arzt-detail-infos-title accordion-title\">\n                        Biography<\/h3>\n                    <div class=\"arzt-detail-infos-content accordion-content\"><h3>Diverses<\/h3>\n<p><strong><br \/><\/strong>Studium der Humanmedizin an der Universit\u00e4t Wien, begleitend Ordinationsassistentin in einer Hausarztpraxis.<br \/>Promotion zur Doktorin der gesamten Heilkunde 2007.\u00a0<br \/><br \/>Ausbildung in Orthop\u00e4die und Unfallchirurgie, Heiden\/St.Gallen, Schweiz sowie in Neurochirurgie, Hamburg, Deutschland von 2008 bis 2011.<br \/><br \/>Ausbildung zur Fach\u00e4rztin f\u00fcr Plastische, \u00c4sthetische und Rekonstruktive Chirurgie in Soest, Deutschland und am LKH-Universit\u00e4tsklinikum Graz mit Gegenfachausbildung in Angiologie und Anatomie 2011 bis 2017.<br \/>Gegenfachausbildung in Allgemeinchirurgie am BKH St.Johann in Tirol.<br \/><br \/>Fach\u00e4rztin und Ober\u00e4rztin an der Abteilung f\u00fcr Plastische, \u00c4sthetische und Rekonstruktive Chirurgie im LKH-Universit\u00e4tsklinikum Graz bis 2020.<br \/><br \/>Niedergelassen t\u00e4tig als Fach\u00e4rztin f\u00fcr Plastische Chirurgie in Saalfelden, Mogersdorf und Wien in Zusammenarbeit mit Univ.Doz.Dr.Artur Worseg.<br \/><br \/>Ordentliches Mitglied der \u00d6sterreichischen Gesellschaft f\u00fcr Plastische, \u00c4sthetische und Rekonstruktive Chirurgie (\u00d6GP\u00c4RC) sowie der \u00d6sterreichischen Gesellschaft f\u00fcr Chirurgie (OEGCH)<br \/><br \/>Link Publikationen: https:\/\/www.researchgate.net\/profile\/Patricia-Lebo<br \/><br \/><strong>Sprachen:<\/strong><br \/>Deutsch, Englisch, Kroatisch<\/p>                    <\/div>\n                <\/div>\n                                            <\/div>\n            <div class=\"arzt-detail-infos-gallery-wrapper image-block-3-wrapper\">\n                <div class=\"image-block-3-inner\">\n                                    <\/div>\n            <\/div>\n        <\/div>\n    <\/div>\n<\/div>\n\n\n<\/div><\/div><\/div>\n<\/div><div class=\"leistungen-content-item\" data-posttitle=\"orthopaedie-en\" data-category=\"medical-services services\">\n<h3 class=\"wp-block-heading\" id=\"orthopadie-an-der-privatklinik-ritzensee\">Orthopaedics at the Ritzensee Private Clinic<\/h3>\n\n<p>Orthopaedics is a medical specialty that deals with the development, prevention, detection and treatment of diseases of the musculoskeletal system. This includes bones, joints, muscles and tendons.<\/p>\n\n<p>The experts at the Ritzensee Private Clinic specialize in joint surgery. The focus is on knee and hip operations as well as foot surgery.<\/p>\n<h3 class=\"arzt-list-title\">\u00c4rzte<\/h3><div class=\"arzt-list arzt-list-nofilter arzt-list-25\"><\/div>\n<\/div><div class=\"leistungen-content-item\" data-posttitle=\"wirbelsaulenchirurgie-en\" data-category=\"medical-services services\">\n<h3 class=\"wp-block-heading\" id=\"wirbelsaulenchirurgie-an-der-privatklinik-ritzensee\">Spinal surgery at the Ritzensee Private Clinic<\/h3>\n\n<p>The focus of spinal surgery at the Ritzensee Private Clinic is on surgical interventions on the spine as well as infiltrations and pain treatment. The specialists work with the latest treatment methods and state-of-the-art technology.<\/p>\n<h3 class=\"arzt-list-title\">\u00c4rzte<\/h3><div class=\"arzt-list arzt-list-nofilter arzt-list-35\"><div class=\"arzt-list-item\" data-posttitle=\"dr-med-manfred-dollenz\" data-category=\"arzt-en;neurochirurgie-en-arzt-en;spinal-surgery\" data-lastname=\"Dollenz\"><div class=\"lazyblock-arzt-ZQfRPz wp-block-lazyblock-arzt\">\n<div class=\"arzt-detail-wrapper\">\n    <div class=\"arzt-detail-img-description-wrapper\">\n                <img decoding=\"async\" class=\"arzt-detail-img\" src=\"https:\/\/www.privatklinik-ritzensee.at\/wp-content\/uploads\/2022\/04\/Dr-Manfred-Dollenz.jpg\"\n            alt=\"Arzt mit Wirbels\u00e4ulenmodell in einer modernen Sprechstunde der Privatklinik Ritzensee.\">\n                <div class=\"arzt-detail-description\"><div class=\"arzt-detail-description-inner\"><p>Ich freue mich, Sie k\u00fcnftig in meiner Wahlarztordination in Bruck an der Gro\u00dfglocknerstra\u00dfe begr\u00fc\u00dfen zu d\u00fcrfen. Mein Ziel ist eine bestm\u00f6gliche Versorgung der Pinzgauer Bev\u00f6lkerung im Fachbereich Neurochirugie.<\/p><\/div><\/div>\n    <\/div>\n    <div class=\"arzt-detail-content-wrapper container\">\n        <div class=\"arzt-detail-content-left\">\n            <div class=\"arzt-detail-contact-wrapper\">\n                <h3 class=\"arzt-detail-contact-title\">\n                    Contact<\/h3>\n                <div class=\"arzt-detail-contact-content\"><p>Ordination<br \/>Dr. med. Manfred Dollenz<br \/>Glocknerstra\u00dfe 22\/1<br \/>5671 Bruck a.d.Glstr.<br \/>\u00d6sterreich<\/p>\n<p>T: <strong><a href=\"tel:+4365456000\">+43 6545 6000<\/a><br \/><\/strong>(Terminvereinbarung)<br \/><br \/>T:<strong><a href=\"tel:+436764833231\">+43 676 483 3231 <\/a><br \/><\/strong>(Privat in dringenden F\u00e4llen)<br \/><strong><br \/><\/strong>M: <strong><a href=\"mailto:manfred.dollenz@gmail.com\">manfred.dollenz@gmail.com<\/a><\/strong><br \/><br \/><\/p><\/div>\n            <\/div>\n            <div class=\"arzt-detail-surgery-hours-wrapper\">\n                <h3 class=\"arzt-detail-surgery-hours-title\">Surgery\n                    hours<\/h3>\n                <div class=\"arzt-detail-surgery-hours-content\">\n                    <table class=\"arzt-detail-surgery-hours-table\">\n                                                <tr class=\"arzt-detail-surgery-hours-entry\">\n                            <td class=\"arzt-detail-surgery-hours-weekday\">Mi<\/td>\n                            <td class=\"arzt-detail-surgery-hours-hours\">13:00 &#8211; 18:00 Uhr<\/td>\n                        <\/tr>\n                                                <tr class=\"arzt-detail-surgery-hours-entry\">\n                            <td class=\"arzt-detail-surgery-hours-weekday\">Nach Vereinbarung<\/td>\n                            <td class=\"arzt-detail-surgery-hours-hours\"><\/td>\n                        <\/tr>\n                                            <\/table>\n                <\/div>\n            <\/div>\n            <a href=\"https:\/\/www.privatklinik-ritzensee.at\/kontakt\/?arzt=dr-med-manfred-dollenz\" class=\"arzt-detail-inquiry\">\n                <div class=\"arzt-detail-inquiry-text\">\n                    Inquire<\/div>\n                <svg xmlns=\"http:\/\/www.w3.org\/2000\/svg\" width=\"78.283\" height=\"22.824\" viewBox=\"0 0 78.283 22.824\">\n                    <path id=\"Pfad_226\" data-name=\"Pfad 226\" d=\"M0,0H78\" transform=\"translate(0 11.412)\" fill=\"none\"\n                        stroke=\"#565f5f\" stroke-linecap=\"round\" stroke-width=\"1\"><\/path>\n                    <path id=\"Pfad_227\" data-name=\"Pfad 227\" d=\"M16,0,0,11\" transform=\"translate(62 11.412)\" fill=\"none\"\n                        stroke=\"#565f5f\" stroke-linecap=\"round\" stroke-width=\"1\"><\/path>\n                    <path id=\"Pfad_228\" data-name=\"Pfad 228\" d=\"M16,11,0,0\" transform=\"translate(62 0.412)\" fill=\"none\"\n                        stroke=\"#565f5f\" stroke-linecap=\"round\" stroke-width=\"1\"><\/path>\n                <\/svg>\n            <\/a>\n        <\/div>\n        <div class=\"arzt-detail-content-right\">\n            <h1 class=\"arzt-detail-doctor-title\">Dr. med. Manfred Dollenz<\/h1>\n            <h2 class=\"arzt-detail-doctor-subtitle\">Facharzt f\u00fcr Neurochirurgie<\/h2>\n            <div class=\"arzt-detail-infos-wrapper\">\n                <div class=\"arzt-detail-infos-item arzt-detail-infos-treatments accordion-wrapper\">\n                    <h3 class=\"arzt-detail-infos-title accordion-title\">\n                        Treatments<\/h3>\n                    <div class=\"arzt-detail-infos-content accordion-content\"><h3>Wesentliche Expertisen \/ durchf\u00fchrende Operationen \/ Behandlungen:\u00a0<\/h3>\n<p><strong>Tagesklinisch<br \/><\/strong>Operationen bei Kompressionssyndromen von peripheren Nerven (Karpaltunnelsyndrom, Sulcus nervi ulnaris-Kompressionssyndrom etc.) &#8211; auch in Lokalan\u00e4sthesie m\u00f6glich<\/p>\n<p>Behandlung von akuten und chronischen Schmerzsyndromen (Infiltrationen, paravertebrale Blockaden, Neuraltherapie etc.)<\/p>\n<p><strong>Station\u00e4r<br \/><\/strong>Neurochirurgische Operationen an der gesamten Wirbels\u00e4ule (Bandscheibenvorf\u00e4lle, kn\u00f6cherne Engen, Instabilit\u00e4ten, Tumoren, Zysten etc.)<\/p>\n<p><strong>Weiters<br \/><\/strong>Beratung bei allen Erkrankungen des zentralen und peripheren Nervensystems (Hirntumoren, R\u00fcckenmarkstumoren, vaskul\u00e4re Erkrankungen, Liquorflussst\u00f6rungen etc.)<\/p>\n<p>Gutachterliche Beratung im Bereich Neurochirurgie, Erstellung von Fachgutachten<\/p>                    <\/div>\n                <\/div>\n                                <div class=\"arzt-detail-infos-item arzt-detail-infos-biography accordion-wrapper\">\n                    <h3 class=\"arzt-detail-infos-title accordion-title\">\n                        Biography<\/h3>\n                    <div class=\"arzt-detail-infos-content accordion-content\"><h3>Berufst\u00e4tigkeit<\/h3>\n<p><strong>Beruflicher Werdegang Kurzform:<\/strong><\/p>\n<ul>\n<li>Studium der Humanmedizin an der Medizinischen Fakult\u00e4t der Leopold-Franzens-Universit\u00e4t Innsbruck<\/li>\n<li>Ausbildung zum Facharzt f\u00fcr Neurochirurgie an der Universit\u00e4tsklinik f\u00fcr Neurochirurgie, Christian-Doppler-Klinik, Salzburg<\/li>\n<li>langj\u00e4hrige T\u00e4tigkeit als 1. Oberarzt und Stellvertreter des Abteilungsvorstandes an der Universit\u00e4tsklinik f\u00fcr Neurochirurgie, Christian-Doppler-Klinik, Salzburg<\/li>\n<li>Wahlarztordinationen in Salzburg und Bruck an der Gro\u00dfglocknerstra\u00dfe seit vielen Jahren<\/li>\n<\/ul>\n<p><strong>Fachrichtung:<br \/><\/strong>Neurochirurgie<\/p>\n<p><strong>Zusatzinformationen (Auslanderfahrung, Soziales Engagement):<br \/><\/strong>Regelm\u00e4\u00dfige Teilnahme an nationalen und internationalen Fortbildungen und Kongressen (unter anderem USA, Deutschland etc.), nationale und internationale Vortragst\u00e4tigkeit, Studentenausbildung an der Paracelsus Medizinischen Universit\u00e4t, Salzburg<\/p>\n<h3><br \/>Diverses<\/h3>\n<p><strong>Zusatzqualifikationen<\/strong>:<\/p>\n<ul>\n<li>Facharzt f\u00fcr Intensivmedizin (langj\u00e4hrige T\u00e4tigkeit als Leiter der Neurochirurgischen Intensivstation der Universit\u00e4tsklinik f\u00fcr Neurochirurgie, Christian-Doppler-Klinik, Salzburg<\/li>\n<li>Allgemein gerichtlich beeideter und zertifizierter Sachverst\u00e4ndiger auf dem Gebiet der Neurochirurgie<\/li>\n<li>Ausbildung in Neuraltherapie<\/li>\n<li>Mitglied der Pr\u00fcfungskommission f\u00fcr die Fachrichtung Neurochirurgie der \u00d6sterreichischen Gesellschaft f\u00fcr<br \/>Neurochirurgie<\/li>\n<li>Ausgebildeter Qualit\u00e4ts- und Riskmanager<\/li>\n<\/ul>\n<p><strong>Sprachen:<\/strong> <br \/>Deutsch, Englisch<\/p>                    <\/div>\n                <\/div>\n                                            <\/div>\n            <div class=\"arzt-detail-infos-gallery-wrapper image-block-3-wrapper\">\n                <div class=\"image-block-3-inner\">\n                                    <\/div>\n            <\/div>\n        <\/div>\n    <\/div>\n<\/div>\n\n\n<\/div><\/div><div class=\"arzt-list-item\" data-posttitle=\"dr-rene-hebecker\" data-category=\"arzt-en;neurochirurgie-en-arzt-en;spinal-surgery\" data-lastname=\"Hebecker\"><div class=\"lazyblock-arzt-Z1WQHgc wp-block-lazyblock-arzt\">\n<div class=\"arzt-detail-wrapper\">\n    <div class=\"arzt-detail-img-description-wrapper\">\n                <img decoding=\"async\" class=\"arzt-detail-img\" src=\"https:\/\/www.privatklinik-ritzensee.at\/wp-content\/uploads\/2022\/01\/Dr-Rene-Hebecker.jpg\"\n            alt=\"Dr. med. Ren\u00e9 Hebecker neben einem MRI-Bild, das medizinische Details zeigt.\">\n                <div class=\"arzt-detail-description\"><div class=\"arzt-detail-description-inner\"><p>Wahlarztpraxis f\u00fcr Neurochirurgie und Wirbels\u00e4ulenerkrankungen.<br>Belegarzt mit operativem Schwerpunkt an der Privatklinik Ritzensee Saalfelden, ausgew\u00e4hlte operative Versorgungen am Tauernklinikum Zell am See<\/p><\/div><\/div>\n    <\/div>\n    <div class=\"arzt-detail-content-wrapper container\">\n        <div class=\"arzt-detail-content-left\">\n            <div class=\"arzt-detail-contact-wrapper\">\n                <h3 class=\"arzt-detail-contact-title\">\n                    Contact<\/h3>\n                <div class=\"arzt-detail-contact-content\"><p>Dr. med. Ren\u00e9 Hebecker<br \/>In der Privatklinik Ritzensee<br \/>Schmalenbergham 4<br \/>5760 Saalfelden<br \/>\u00d6sterreich<\/p>\n<p>T: <strong><a href=\"tel:+436582794\" target=\"_blank\" rel=\"noopener\">+43 6582 794<\/a><\/strong><br \/>M:<strong> <a href=\"mailto:info@neurochirurgie-pinzgau.at\">info@neurochirurgie-pinzgau.at<\/a><\/strong><\/p><\/div>\n            <\/div>\n            <div class=\"arzt-detail-surgery-hours-wrapper\">\n                <h3 class=\"arzt-detail-surgery-hours-title\">Surgery\n                    hours<\/h3>\n                <div class=\"arzt-detail-surgery-hours-content\">\n                    <table class=\"arzt-detail-surgery-hours-table\">\n                                                <tr class=\"arzt-detail-surgery-hours-entry\">\n                            <td class=\"arzt-detail-surgery-hours-weekday\">Di<\/td>\n                            <td class=\"arzt-detail-surgery-hours-hours\">09:00 \u2013 16:00 Uhr<\/td>\n                        <\/tr>\n                                                <tr class=\"arzt-detail-surgery-hours-entry\">\n                            <td class=\"arzt-detail-surgery-hours-weekday\">Do<\/td>\n                            <td class=\"arzt-detail-surgery-hours-hours\">09:00 \u2013 12:00 Uhr<\/td>\n                        <\/tr>\n                                                <tr class=\"arzt-detail-surgery-hours-entry\">\n                            <td class=\"arzt-detail-surgery-hours-weekday\">und nach Vereinbarung<\/td>\n                            <td class=\"arzt-detail-surgery-hours-hours\"><\/td>\n                        <\/tr>\n                                            <\/table>\n                <\/div>\n            <\/div>\n            <a href=\"https:\/\/www.privatklinik-ritzensee.at\/kontakt\/?arzt=dr-rene-hebecker\" class=\"arzt-detail-inquiry\">\n                <div class=\"arzt-detail-inquiry-text\">\n                    Inquire<\/div>\n                <svg xmlns=\"http:\/\/www.w3.org\/2000\/svg\" width=\"78.283\" height=\"22.824\" viewBox=\"0 0 78.283 22.824\">\n                    <path id=\"Pfad_226\" data-name=\"Pfad 226\" d=\"M0,0H78\" transform=\"translate(0 11.412)\" fill=\"none\"\n                        stroke=\"#565f5f\" stroke-linecap=\"round\" stroke-width=\"1\"><\/path>\n                    <path id=\"Pfad_227\" data-name=\"Pfad 227\" d=\"M16,0,0,11\" transform=\"translate(62 11.412)\" fill=\"none\"\n                        stroke=\"#565f5f\" stroke-linecap=\"round\" stroke-width=\"1\"><\/path>\n                    <path id=\"Pfad_228\" data-name=\"Pfad 228\" d=\"M16,11,0,0\" transform=\"translate(62 0.412)\" fill=\"none\"\n                        stroke=\"#565f5f\" stroke-linecap=\"round\" stroke-width=\"1\"><\/path>\n                <\/svg>\n            <\/a>\n        <\/div>\n        <div class=\"arzt-detail-content-right\">\n            <h1 class=\"arzt-detail-doctor-title\">Dr. med. Ren\u00e9 Hebecker<\/h1>\n            <h2 class=\"arzt-detail-doctor-subtitle\">Facharzt f\u00fcr Neurochirurgie<\/h2>\n            <div class=\"arzt-detail-infos-wrapper\">\n                <div class=\"arzt-detail-infos-item arzt-detail-infos-treatments accordion-wrapper\">\n                    <h3 class=\"arzt-detail-infos-title accordion-title\">\n                        Treatments<\/h3>\n                    <div class=\"arzt-detail-infos-content accordion-content\"><h3>Wesentliche Expertisen \/ durchf\u00fchrende Operationen \/ Behandlungen:<\/h3>\n<p><strong>Eingriffe an der Halswirbels\u00e4ule:<\/strong><\/p>\n<ul>\n<li>Mikrochirurgische Bandscheibenoperationen<\/li>\n<li>Mikrochirurgische Wirbelkanalverengungen<\/li>\n<li>Zervikale Fusionsoperationen, evtl. mit Notwendigkeit einer Verplattung, Frakturversorgung<\/li>\n<li>Dorsale Instrumentations- und Erweiterungstechniken bei Fehlstellung, Tumor, Entz\u00fcndung, Unfall<\/li>\n<li>Bandscheibenendoprothetik<\/li>\n<li>Spinal cord stimulation (SCS)<\/li>\n<\/ul>\n<p><br \/><strong>Eingriffe an Brust-\/Lendenwirbels\u00e4ule:<\/strong><\/p>\n<ul>\n<li>Mikrochirurgische Bandscheibenoperationen<\/li>\n<li>Mikrochirurgische Wirbelkanalverengungen<\/li>\n<li>minimal-invasive Fusionsoperationen bei Degeneration, Fehlstellung \u2013Wirbelgleiten, Entz\u00fcndung<\/li>\n<li>Korrektur degenerativer Lumbalskoliosen<\/li>\n<li>Frakturversorgung<\/li>\n<li>Perkutane Zementaugmentierung von Wirbeln<\/li>\n<li>Dynamische Verfahren, Bandscheibenendoprothetik<\/li>\n<li>Spinal cord stimulation (SCS, DRG)<\/li>\n<\/ul>\n<h3>Tagesklinisch:<\/h3>\n<p>Interventionelle Schmerztherapie an der Wirbels\u00e4ule bildwandlergest\u00fctzt (Wirbelgelenks- und Wurzelblockaden, Iliosakralgelenk, Denervierungen).<\/p>                    <\/div>\n                <\/div>\n                                <div class=\"arzt-detail-infos-item arzt-detail-infos-biography accordion-wrapper\">\n                    <h3 class=\"arzt-detail-infos-title accordion-title\">\n                        Biography<\/h3>\n                    <div class=\"arzt-detail-infos-content accordion-content\"><h3>Berufst\u00e4tigkeit:<\/h3>\n<p>bis 2008: Facharztausbildung und Oberarzt Neurochirurgie Universit\u00e4tsklinikum Rostock\u00a0<br \/>2009 \u2013 2016: Oberarzt Neurochirurgie St\u00e4dtisches Klinikum M\u00fcnchen GmbH, Standorte Schwabing und Harlaching<br \/>2017 \u2013 2019: leitender Oberarzt Kreiskliniken Alt\u00f6tting\/Burghausen, Neurochirurgie ANregiomed Klinikumsverbund<br \/>Ansbach\/Mittelfranken<br \/>ab 2020: Oberarzt Wirbels\u00e4ulenchirurgie Tauernklinikum Zell am See \/ Mittersill<\/p>\n<h3>Diverses<\/h3>\n<p><strong>Zusatzqualifikationen:<\/strong><br \/>Master-Zertifikat der Deutschen Wirbels\u00e4ulengesellschaft<\/p>                    <\/div>\n                <\/div>\n                                            <\/div>\n            <div class=\"arzt-detail-infos-gallery-wrapper image-block-3-wrapper\">\n                <div class=\"image-block-3-inner\">\n                                    <\/div>\n            <\/div>\n        <\/div>\n    <\/div>\n<\/div>\n\n\n<\/div><\/div><\/div>\n<\/div><div class=\"leistungen-content-item\" data-posttitle=\"hals-nasen-und-ohrenheilkunde-en\" data-category=\"medical-services services\">\n<h3 class=\"wp-block-heading\" id=\"hals-nasen-und-ohrenheilkunde-an-der-privatklinik-ritzensee\">Ear, nose and throat medicine at the Ritzensee Private Clinic<\/h3>\n\n<p>The specialist department for ear, nose and throat medicine at the Ritzensee Private Clinic deals with diseases, injuries, malformations and functional disorders of the ears, nose, oral cavity, pharynx and larynx.<\/p>\n<h3 class=\"arzt-list-title\">\u00c4rzte<\/h3><div class=\"arzt-list arzt-list-nofilter arzt-list-36\"><\/div>\n<\/div><div class=\"leistungen-content-item\" data-posttitle=\"gefaess-und-viszeralchirurgie-en\" data-category=\"medical-services services\">\n<h3 class=\"wp-block-heading\" id=\"gefass-und-viszeralchirurgie-an-der-privatklinik-ritzensee\">Vascular and visceral surgery at the Ritzensee Private Clinic<\/h3>\n\n<p>Vascular and visceral surgery is a branch of surgery that deals with arteries, veins and lymphatic vessels as well as the abdominal organs. General activities include the diagnosis, surgical treatment and aftercare of vascular and organ diseases and injuries.<\/p>\n<h3 class=\"arzt-list-title\">\u00c4rzte<\/h3><div class=\"arzt-list arzt-list-nofilter arzt-list-42\"><\/div>\n<\/div><div class=\"leistungen-content-item\" data-posttitle=\"augenheilkunde-en\" data-category=\"medical-services services\">\n<h3 class=\"wp-block-heading\" id=\"augenheilkunde-an-der-privatklinik-ritzensee\">Ophthalmology at the Ritzensee Private Clinic<\/h3>\n\n<p>The specialists at Privatklinik Ritzensee take plenty of time for detailed preliminary discussions and consultations in order to develop individual solutions and achieve the best possible treatment results. The main areas of treatment include blepharoplasty (drooping eyelid) operations.<\/p>\n<h3 class=\"arzt-list-title\">\u00c4rzte<\/h3><div class=\"arzt-list arzt-list-nofilter arzt-list-23\"><div class=\"arzt-list-item\" data-posttitle=\"dr-martin-emesz\" data-category=\"arzt-en;ophthalmology\" data-lastname=\"Emesz\"><div class=\"lazyblock-arzt-Z20JOOB wp-block-lazyblock-arzt\">\n<div class=\"arzt-detail-wrapper\">\n    <div class=\"arzt-detail-img-description-wrapper\">\n                <img decoding=\"async\" class=\"arzt-detail-img\" src=\"https:\/\/www.privatklinik-ritzensee.at\/wp-content\/uploads\/2022\/04\/Emsez-Martin.jpg.webp\"\n            alt=\"L\u00e4chelnder Arzt in der Privatklinik Ritzensee, Salzburger Land, moderne Umgebung.\">\n                <div class=\"arzt-detail-description\"><div class=\"arzt-detail-description-inner\"><p>Seiner beruflichen Laufbahn als Arzt, f\u00fchrte ihn von Salzburg \u00fcber M\u00fcnchen und London in den Pinzgau &#8211; als Vorstand der Abteilung f\u00fcr Augenheilkunde und Optometrie.<\/p><\/div><\/div>\n    <\/div>\n    <div class=\"arzt-detail-content-wrapper container\">\n        <div class=\"arzt-detail-content-left\">\n            <div class=\"arzt-detail-contact-wrapper\">\n                <h3 class=\"arzt-detail-contact-title\">\n                    Contact<\/h3>\n                <div class=\"arzt-detail-contact-content\"><p>Dr. med. Martin Emesz<br \/>L\u00f6wensternstra\u00dfe 18<br \/>5400 Hallein<br \/>\u00d6sterreich<\/p>\n<p>T: <strong><a href=\"tel:+43624580362\">+43 6245 80 362<\/a><\/strong><br \/>M: <strong><a href=\"mailto:martin.emesz@aon.at\">martin.emesz@aon.at<\/a><\/strong><br \/>H: <strong><a href=\"https:\/\/www.augen-emesz.at\/\" target=\"_blank\" rel=\"noopener\">www.augen-emesz.at<\/a><\/strong><\/p><\/div>\n            <\/div>\n            <div class=\"arzt-detail-surgery-hours-wrapper\">\n                <h3 class=\"arzt-detail-surgery-hours-title\">Surgery\n                    hours<\/h3>\n                <div class=\"arzt-detail-surgery-hours-content\">\n                    <table class=\"arzt-detail-surgery-hours-table\">\n                                                <tr class=\"arzt-detail-surgery-hours-entry\">\n                            <td class=\"arzt-detail-surgery-hours-weekday\">Nach Terminvereinbarung:<\/td>\n                            <td class=\"arzt-detail-surgery-hours-hours\"><\/td>\n                        <\/tr>\n                                                <tr class=\"arzt-detail-surgery-hours-entry\">\n                            <td class=\"arzt-detail-surgery-hours-weekday\">Mo<\/td>\n                            <td class=\"arzt-detail-surgery-hours-hours\">08:00 &#8211; 12:00 Uhr<\/td>\n                        <\/tr>\n                                                <tr class=\"arzt-detail-surgery-hours-entry\">\n                            <td class=\"arzt-detail-surgery-hours-weekday\">&nbsp;<\/td>\n                            <td class=\"arzt-detail-surgery-hours-hours\"><\/td>\n                        <\/tr>\n                                                <tr class=\"arzt-detail-surgery-hours-entry\">\n                            <td class=\"arzt-detail-surgery-hours-weekday\">Erreichbarkeit Ordination:<\/td>\n                            <td class=\"arzt-detail-surgery-hours-hours\"><\/td>\n                        <\/tr>\n                                                <tr class=\"arzt-detail-surgery-hours-entry\">\n                            <td class=\"arzt-detail-surgery-hours-weekday\"><\/td>\n                            <td class=\"arzt-detail-surgery-hours-hours\"><\/td>\n                        <\/tr>\n                                                <tr class=\"arzt-detail-surgery-hours-entry\">\n                            <td class=\"arzt-detail-surgery-hours-weekday\">Mo<\/td>\n                            <td class=\"arzt-detail-surgery-hours-hours\">08:00 &#8211; 13:00 &amp; 14:00 &#8211; 18:00 Uhr<\/td>\n                        <\/tr>\n                                                <tr class=\"arzt-detail-surgery-hours-entry\">\n                            <td class=\"arzt-detail-surgery-hours-weekday\">Di<\/td>\n                            <td class=\"arzt-detail-surgery-hours-hours\">08:00 &#8211; 13:00 &amp; 14:00 &#8211; 17:00 Uhr<\/td>\n                        <\/tr>\n                                                <tr class=\"arzt-detail-surgery-hours-entry\">\n                            <td class=\"arzt-detail-surgery-hours-weekday\">Mi<\/td>\n                            <td class=\"arzt-detail-surgery-hours-hours\">08:00 &#8211; 13:00 &amp; 14:00 &#8211; 17:00 Uhr<\/td>\n                        <\/tr>\n                                            <\/table>\n                <\/div>\n            <\/div>\n            <a href=\"https:\/\/www.privatklinik-ritzensee.at\/kontakt\/?arzt=dr-martin-emesz\" class=\"arzt-detail-inquiry\">\n                <div class=\"arzt-detail-inquiry-text\">\n                    Inquire<\/div>\n                <svg xmlns=\"http:\/\/www.w3.org\/2000\/svg\" width=\"78.283\" height=\"22.824\" viewBox=\"0 0 78.283 22.824\">\n                    <path id=\"Pfad_226\" data-name=\"Pfad 226\" d=\"M0,0H78\" transform=\"translate(0 11.412)\" fill=\"none\"\n                        stroke=\"#565f5f\" stroke-linecap=\"round\" stroke-width=\"1\"><\/path>\n                    <path id=\"Pfad_227\" data-name=\"Pfad 227\" d=\"M16,0,0,11\" transform=\"translate(62 11.412)\" fill=\"none\"\n                        stroke=\"#565f5f\" stroke-linecap=\"round\" stroke-width=\"1\"><\/path>\n                    <path id=\"Pfad_228\" data-name=\"Pfad 228\" d=\"M16,11,0,0\" transform=\"translate(62 0.412)\" fill=\"none\"\n                        stroke=\"#565f5f\" stroke-linecap=\"round\" stroke-width=\"1\"><\/path>\n                <\/svg>\n            <\/a>\n        <\/div>\n        <div class=\"arzt-detail-content-right\">\n            <h1 class=\"arzt-detail-doctor-title\">Dr. med. Martin Emesz<\/h1>\n            <h2 class=\"arzt-detail-doctor-subtitle\">Facharzt f\u00fcr Augenheilkunde und Optometrie<\/h2>\n            <div class=\"arzt-detail-infos-wrapper\">\n                <div class=\"arzt-detail-infos-item arzt-detail-infos-treatments accordion-wrapper\">\n                    <h3 class=\"arzt-detail-infos-title accordion-title\">\n                        Treatments<\/h3>\n                    <div class=\"arzt-detail-infos-content accordion-content\"><h3>Wesentliche Expertisen \/ durchf\u00fchrende Operationen \/ Behandlungen:<\/h3>\n<p><strong>Therapie bei Erkrankungen der Lider, Orbita (Augenh\u00f6hle) und Tr\u00e4nenwege<\/strong><\/p>\n<ul>\n<li>Lidchirurgie: <br \/>\n<ul>\n<li>Ptosis &#8211; Operationen: \u201eLevatorchirurgie\u201c oder \u201eBrauensuspension\u201c bei angeborenen und altersbedingten Ver\u00e4nderungen des Lidhebermuskels<\/li>\n<li>Tumorchirurgie: Entfernung gutartiger und b\u00f6sartiger Ver\u00e4nderungen der Lider und Orbita<\/li>\n<li>Rekonstruktive Lid- und Orbitachirurgie, zur funktionellen und kosmetischen Wiederherstellung von Liddefekten nach Tumorchirurgie oder nach Verletzungen<\/li>\n<li>Rekonstruktive Chirurgie der Schleimhautoberfl\u00e4che des Auges<\/li>\n<li>Korrektur erwobener Lidfehlstellungen (Entropium, Ektropium)<\/li>\n<li>Wiederherstellende Chirurgie nach Fazialisparese (Gesichtsnervenl\u00e4hmung)<br \/><br \/><\/li>\n<\/ul>\n<\/li>\n<li>\u00c4sthetische Lidchirurgie<br \/>\n<ul>\n<li>Ober- und Unterlidblepharoplastik<\/li>\n<li>Brauenhebung<br \/><br \/><\/li>\n<\/ul>\n<\/li>\n<li>P\u00e4diatrisch &#8211; ophthalmologische Eingriffe bei Kindern (Ptosis &#8211; Operationen, Dermoidentfernung, Therapie von H\u00e4mangiomen)<br \/><br \/><\/li>\n<li>Anwendung von Botulinumtoxin bei Blepharospasmus<br \/><br \/><\/li>\n<li>Tr\u00e4nenwegschirurgische Eingriffe:<br \/>\n<ul>\n<li>Therapie von konnatalen Tr\u00e4nenwegsverschl\u00fcssen<\/li>\n<li>Wiederherstellende Tr\u00e4nenwegschirurgie bei mechanischen und funktionellen Stenosen der Tr\u00e4nenwege (Dakryocystorhinostomie, Intubation der Tr\u00e4nenwege)<\/li>\n<li>Korrektur fehlstehender oder zu enger Tr\u00e4nenp\u00fcnktchen<\/li>\n<\/ul>\n<\/li>\n<\/ul>                    <\/div>\n                <\/div>\n                                            <\/div>\n            <div class=\"arzt-detail-infos-gallery-wrapper image-block-3-wrapper\">\n                <div class=\"image-block-3-inner\">\n                                        <img decoding=\"async\" class=\"image-block-3-img1\" src=\"https:\/\/www.privatklinik-ritzensee.at\/wp-content\/uploads\/2022\/01\/Dr-Martin-Emesz-2.jpg\"\n                        alt=\"\">\n                                    <\/div>\n            <\/div>\n        <\/div>\n    <\/div>\n<\/div>\n\n\n<\/div><\/div><\/div>\n<\/div><div class=\"leistungen-content-item\" data-posttitle=\"aesthetische-chirurgie-en\" data-category=\"medical-services services\">\n<h3 class=\"wp-block-heading\" id=\"asthetische-chirurgie-an-der-privatklinik-ritzensee\">Aesthetic surgery at the Ritzensee Private Clinic<\/h3>\n\n<p>Aesthetic surgery is a branch of plastic surgery. The aim of these treatments is to change specific areas of the body through targeted surgical interventions and to improve the patient&#8217;s well-being in the long term. The internationally recognized experts guarantee state-of-the-art treatment procedures and the best results.<\/p>\n<h3 class=\"arzt-list-title\">\u00c4rzte<\/h3><div class=\"arzt-list arzt-list-nofilter arzt-list-30\"><div class=\"arzt-list-item\" data-posttitle=\"dr-dr-med-maja-koreimann\" data-category=\"aesthetic-surgery;arzt-en\" data-lastname=\"Koreimann\"><div class=\"lazyblock-arzt-21cs8l wp-block-lazyblock-arzt\">\n<div class=\"arzt-detail-wrapper\">\n    <div class=\"arzt-detail-img-description-wrapper\">\n                <img decoding=\"async\" class=\"arzt-detail-img\" src=\"https:\/\/www.privatklinik-ritzensee.at\/wp-content\/uploads\/2024\/11\/Picsart_24-10-31_23-45-57-008-Es3uPyU72u.jpg\"\n            alt=\"Dr. Maja Koreimann in der Privatklinik Ritzensee, moderne Einrichtung, professionelle Ausstrahlung.\">\n                <div class=\"arzt-detail-description\"><div class=\"arzt-detail-description-inner\"><\/div><\/div>\n    <\/div>\n    <div class=\"arzt-detail-content-wrapper container\">\n        <div class=\"arzt-detail-content-left\">\n            <div class=\"arzt-detail-contact-wrapper\">\n                <h3 class=\"arzt-detail-contact-title\">\n                    Contact<\/h3>\n                <div class=\"arzt-detail-contact-content\"><p>Ordination Salzburg<br \/>Innsbrucker Bundesstra\u00dfe 35<br \/>5020 Salzburg<br \/><br \/>T: \u00a0<a href=\"http:\/\/00436641563060\">0043 664 15 63 060<\/a><br \/>M: <a href=\"mailto:praxis@koraesthetics.com\">praxis@koraesthetics.com<\/a><br \/>H: <a href=\"https:\/\/koraesthetics.com\/\">www.koraesthetics.com<\/a><\/p><\/div>\n            <\/div>\n            <div class=\"arzt-detail-surgery-hours-wrapper\">\n                <h3 class=\"arzt-detail-surgery-hours-title\">Surgery\n                    hours<\/h3>\n                <div class=\"arzt-detail-surgery-hours-content\">\n                    <table class=\"arzt-detail-surgery-hours-table\">\n                                                <tr class=\"arzt-detail-surgery-hours-entry\">\n                            <td class=\"arzt-detail-surgery-hours-weekday\">Nach Vereinbarung<\/td>\n                            <td class=\"arzt-detail-surgery-hours-hours\"><\/td>\n                        <\/tr>\n                                            <\/table>\n                <\/div>\n            <\/div>\n            <a href=\"https:\/\/www.privatklinik-ritzensee.at\/kontakt\/?arzt=dr-dr-med-maja-koreimann\" class=\"arzt-detail-inquiry\">\n                <div class=\"arzt-detail-inquiry-text\">\n                    Inquire<\/div>\n                <svg xmlns=\"http:\/\/www.w3.org\/2000\/svg\" width=\"78.283\" height=\"22.824\" viewBox=\"0 0 78.283 22.824\">\n                    <path id=\"Pfad_226\" data-name=\"Pfad 226\" d=\"M0,0H78\" transform=\"translate(0 11.412)\" fill=\"none\"\n                        stroke=\"#565f5f\" stroke-linecap=\"round\" stroke-width=\"1\"><\/path>\n                    <path id=\"Pfad_227\" data-name=\"Pfad 227\" d=\"M16,0,0,11\" transform=\"translate(62 11.412)\" fill=\"none\"\n                        stroke=\"#565f5f\" stroke-linecap=\"round\" stroke-width=\"1\"><\/path>\n                    <path id=\"Pfad_228\" data-name=\"Pfad 228\" d=\"M16,11,0,0\" transform=\"translate(62 0.412)\" fill=\"none\"\n                        stroke=\"#565f5f\" stroke-linecap=\"round\" stroke-width=\"1\"><\/path>\n                <\/svg>\n            <\/a>\n        <\/div>\n        <div class=\"arzt-detail-content-right\">\n            <h1 class=\"arzt-detail-doctor-title\">Dr. Dr. med. Maja Koreimann<\/h1>\n            <h2 class=\"arzt-detail-doctor-subtitle\">Fach\u00e4rztin f\u00fcr Mund-, Kiefer- und Gesichtschirurgie<\/h2>\n            <div class=\"arzt-detail-infos-wrapper\">\n                <div class=\"arzt-detail-infos-item arzt-detail-infos-treatments accordion-wrapper\">\n                    <h3 class=\"arzt-detail-infos-title accordion-title\">\n                        Treatments<\/h3>\n                    <div class=\"arzt-detail-infos-content accordion-content\"><p><strong><u>Gesichtschirurgie<\/u><\/strong><\/p>\n<p>Stirnlift<br \/>Schl\u00e4fenlift\/Brauenlift<br \/>Blepharoplastik\/Lidstraffung von Oberlid und\/oder Unterlid<br \/>Facelift<br \/>Minilift\/Wangenlift<br \/>Halslift<br \/>Fettabsaugung Hals (Doppelkinn)<br \/>Eigenfettaufbau im Gesicht<br \/>Rhinoplastik\/Nasenkorrektur<br \/>Lippenoperationen (Lip Lift, Bullhorn Excision)<br \/>Gesichtsimplantate<br \/>Bichektomie (Buccal Fat Removal)<br \/>Phenol Peeling<br \/>Dermabrasion<br \/>Entfernung Naevus, Fibrom, Lipom, Atherom<br \/>Narbenkorrektur<br \/><br \/><br \/><strong><u>Kieferchirurgie<\/u><\/strong><\/p>\n<p>Kinnvergr\u00f6\u00dferung mit\/ohne Implantat<br \/>Kinnverkleinerung<br \/>Reduktion der Kieferwinkel und\/oder des Unterkieferrandes<br \/>Segmentosteotomie Oberkiefer\/Unterkiefer<br \/><br \/><br \/><u><strong>Orale Chirurgie<\/strong><br \/><br \/><\/u>Zystenentfernung im Oberkiefer\/Unterkiefer<br \/>Zystenentfernung in der Mundh\u00f6hle<br \/>Operationen des Zungenb\u00e4ndchens\/Lippenb\u00e4ndchens\/Wangenb\u00e4ndchens<br \/>Wurzelspitzenresektion<br \/>Freilegung retinierter Z\u00e4hne<br \/>Extraktion retinierter Z\u00e4hne<br \/>Zahntransplantation<br \/>Hemisektion\/Zahnwurzelamputation<br \/>Parodontalchirurgie<br \/>Pr\u00e4prothetische Modellierung an Knochen oder Gingiva<br \/>Exostosenabtragung Kiefer<br \/>Alveolarkammplastik und autologe Knochentransplantation<br \/>Vestibulumplastik<br \/>Sinus Lift mit Knochenersatzmaterial pro Seite<br \/>Implantologie<\/p>                    <\/div>\n                <\/div>\n                                <div class=\"arzt-detail-infos-item arzt-detail-infos-biography accordion-wrapper\">\n                    <h3 class=\"arzt-detail-infos-title accordion-title\">\n                        Biography<\/h3>\n                    <div class=\"arzt-detail-infos-content accordion-content\"><p><strong><u>Fach\u00e4rztliche Qualifikationen<br \/><br \/><\/u><\/strong><strong>2018<br \/><\/strong>Fach\u00e4rztin f\u00fcr Mund-, Kiefer- und Gesichtschirurgie<br \/><br \/><strong>2013<br \/><\/strong>Fach\u00e4rztin f\u00fcr Zahn-, Mund- u Kieferheilkunde<br \/><br \/><strong><u>Studium<br \/><\/u><\/strong><br \/><strong>2007-2013<br \/><\/strong>Studium der Zahnmedizin an der Medizinischen Universit\u00e4t Graz<br \/><br \/>Diplomarbeit:<br \/>Anatomische Untersuchung der lingualen Gingivainnervation als Basis der lokalen Neurolyse, ausgef\u00fchrt am Institut f\u00fcr Anatomie Graz unter der Anleitung von Univ.-Ass. Priv.-Doz. Dr. Georg Feigl und in Zusammenarbeit mit Prim. Univ.-Prof. Dr. Rudolf Likar.<br \/><br \/><strong>2003-2011<br \/><\/strong>Studium der Humanmedizin an der Medizinischen Universit\u00e4t Graz<br \/><br \/>Diplomarbeit:<br \/>Retrospektive Analyse vaskul\u00e4rer Anomalien mit besonderer Ber\u00fccksichtigung der Kopf \u2013 Hals \u2013 Region. Review und Nachuntersuchung von 1989 \u2013 2009, ausgef\u00fchrt an der Klinischen Abteilung f\u00fcr Plastische, \u00c4sthetische und Rekonstruktive Chirurgie am LKH Graz unter der Anleitung von Univ.-Prof. Dr. Stephan Spendel und Univ.-Prof. Dr. Erwin Scharnagl.<br \/><br \/><strong>2009 &#8211; 2013<\/strong><br \/>Tutorin am Anatomischen Institut in Graz, Lehrt\u00e4tigkeit im Rahmen der Sezierkurse.<\/p>                    <\/div>\n                <\/div>\n                                            <\/div>\n            <div class=\"arzt-detail-infos-gallery-wrapper image-block-3-wrapper\">\n                <div class=\"image-block-3-inner\">\n                                        <img decoding=\"async\" class=\"image-block-3-img1\" src=\"https:\/\/www.privatklinik-ritzensee.at\/wp-content\/uploads\/2024\/10\/Foto-Ritzensee-sAGBOsLZBM.jpg\"\n                        alt=\"\">\n                                    <\/div>\n            <\/div>\n        <\/div>\n    <\/div>\n<\/div>\n\n\n<\/div><\/div><div class=\"arzt-list-item\" data-posttitle=\"dr-patricia-lebo\" data-category=\"aesthetic-surgery;arzt-en;plastic-reconstructive-surgery\" data-lastname=\"Lebo\"><div class=\"lazyblock-arzt-rKbuR wp-block-lazyblock-arzt\">\n<div class=\"arzt-detail-wrapper\">\n    <div class=\"arzt-detail-img-description-wrapper\">\n                <img decoding=\"async\" class=\"arzt-detail-img\" src=\"https:\/\/www.privatklinik-ritzensee.at\/wp-content\/uploads\/2022\/01\/Dr-med-univ-Patricia-Lebo.jpg\"\n            alt=\"L\u00e4chelnde Frau mit lockigem, braunem Haar, vor neutralem Hintergrund.\">\n                <div class=\"arzt-detail-description\"><div class=\"arzt-detail-description-inner\"><\/div><\/div>\n    <\/div>\n    <div class=\"arzt-detail-content-wrapper container\">\n        <div class=\"arzt-detail-content-left\">\n            <div class=\"arzt-detail-contact-wrapper\">\n                <h3 class=\"arzt-detail-contact-title\">\n                    Contact<\/h3>\n                <div class=\"arzt-detail-contact-content\"><p>Praxis Dr. med. Patricia Lebo<br \/>In der Privatklinik Ritzensee<br \/>Schmalenbergham 4<br \/>5760 Saalfelden<br \/>\u00d6sterreich<\/p>\n<p>T:<strong> <a href=\"tel:+436582794530\" target=\"_blank\" rel=\"noopener\">+43 6582 794530<\/a><\/strong><br \/>M: <a title=\"mailto:dr.lebo@die-ordi.at\" href=\"mailto:dr.lebo@die-ordi.at\" target=\"_blank\" rel=\"noopener\" data-linkindex=\"0\" data-olk-copy-source=\"MessageBody\">dr.lebo@die-ordi.at<\/a>\u00a0<\/p><\/div>\n            <\/div>\n            <div class=\"arzt-detail-surgery-hours-wrapper\">\n                <h3 class=\"arzt-detail-surgery-hours-title\">Surgery\n                    hours<\/h3>\n                <div class=\"arzt-detail-surgery-hours-content\">\n                    <table class=\"arzt-detail-surgery-hours-table\">\n                                                <tr class=\"arzt-detail-surgery-hours-entry\">\n                            <td class=\"arzt-detail-surgery-hours-weekday\">nach Vereinbarung<\/td>\n                            <td class=\"arzt-detail-surgery-hours-hours\"><\/td>\n                        <\/tr>\n                                            <\/table>\n                <\/div>\n            <\/div>\n            <a href=\"https:\/\/www.privatklinik-ritzensee.at\/kontakt\/?arzt=dr-patricia-lebo\" class=\"arzt-detail-inquiry\">\n                <div class=\"arzt-detail-inquiry-text\">\n                    Inquire<\/div>\n                <svg xmlns=\"http:\/\/www.w3.org\/2000\/svg\" width=\"78.283\" height=\"22.824\" viewBox=\"0 0 78.283 22.824\">\n                    <path id=\"Pfad_226\" data-name=\"Pfad 226\" d=\"M0,0H78\" transform=\"translate(0 11.412)\" fill=\"none\"\n                        stroke=\"#565f5f\" stroke-linecap=\"round\" stroke-width=\"1\"><\/path>\n                    <path id=\"Pfad_227\" data-name=\"Pfad 227\" d=\"M16,0,0,11\" transform=\"translate(62 11.412)\" fill=\"none\"\n                        stroke=\"#565f5f\" stroke-linecap=\"round\" stroke-width=\"1\"><\/path>\n                    <path id=\"Pfad_228\" data-name=\"Pfad 228\" d=\"M16,11,0,0\" transform=\"translate(62 0.412)\" fill=\"none\"\n                        stroke=\"#565f5f\" stroke-linecap=\"round\" stroke-width=\"1\"><\/path>\n                <\/svg>\n            <\/a>\n        <\/div>\n        <div class=\"arzt-detail-content-right\">\n            <h1 class=\"arzt-detail-doctor-title\">Dr. med. Patricia Lebo<\/h1>\n            <h2 class=\"arzt-detail-doctor-subtitle\">Fach\u00e4rztin f\u00fcr Plastische Rekonstruktive und \u00c4sthetische Chirurgie<\/h2>\n            <div class=\"arzt-detail-infos-wrapper\">\n                <div class=\"arzt-detail-infos-item arzt-detail-infos-treatments accordion-wrapper\">\n                    <h3 class=\"arzt-detail-infos-title accordion-title\">\n                        Treatments<\/h3>\n                    <div class=\"arzt-detail-infos-content accordion-content\"><h3>Handchirurgie<\/h3>\n<ul>\n<li>Rhizarthrose (Daumensattelgelenksarthrose)<\/li>\n<li>Morbus Dupuytren\/ Morbus Ledderhose (krankhaft vermehrtes Bindegewebe im Bereich der Hand bzw. des Fu\u00dfes mit dadurch bedingter Bewegungseinschr\u00e4nkung)<\/li>\n<li>Ganglien (\u00dcberbein)<\/li>\n<li>Sehnenscheidenentz\u00fcndungen und -verengungen<\/li>\n<li>Rekonstruktion (nach z. B. einer Schnittverletzung) von Nerven, Gef\u00e4\u00dfen und Sehnen<\/li>\n<li>Nagel- und Nagelbettchirurgie<\/li>\n<\/ul>\n<h3>Brustchirurgie<\/h3>\n<ul>\n<li>Chirurgische Therapie der zu kleinen oder zu gro\u00dfen Brust,<\/li>\n<li>&#8220;h\u00e4ngenden&#8221; oder &#8220;leeren&#8221; Brust sowie Brustasymmetrien oder Schlauchbrust<\/li>\n<li>Brustvergr\u00f6\u00dferung<\/li>\n<li>Brustverkleinerung<\/li>\n<li>Straffung der Brust<\/li>\n<li>Chirurgische Therapie der m\u00e4nnlichen Brust (Gyn\u00e4komastie)<\/li>\n<\/ul>\n<h3>Periphere Nervenchirurgie<\/h3>\n<ul>\n<li>Karpaltunnelsyndrom<\/li>\n<li>Kubitaltunnelsyndrom (Sulcus-Nervi-ulnaris-Syndrom)<\/li>\n<li>Loge-de-Guyon Syndrom<\/li>\n<li>Tarsaltunnelsyndrom<\/li>\n<\/ul>\n<h3>Therapie von Narben<\/h3>\n<ul>\n<li>Nach Operationen<\/li>\n<li>Nach Unf\u00e4llen<\/li>\n<li>Verbrennungen etc.<\/li>\n<li>Inkl. Behandlung mit Lipofilling<\/li>\n<\/ul>\n<h3>Hauttransplantationen<\/h3>\n<ul>\n<li>Vollhautdeckungen<\/li>\n<li>Spalthautdeckungen<\/li>\n<li>Lokale Lappenplastiken<\/li>\n<\/ul>\n<h3>Hidradenitis suppurativa\/ Akne inversa<\/h3>\n<ul>\n<li>Therapie der eitrigen Entz\u00fcndung von Hautanhangsdr\u00fcsen durch z.B. lokale Lappenplastiken, Hauttransplantation nach Exzision der entsprechenden Areale etc.<\/li>\n<\/ul>\n<h3>Chirurgische Therapie von b\u00f6sartigen und gutartigen Hautver\u00e4nderungen<\/h3>\n<ul>\n<li>Von Kopf bis Fu\u00df<\/li>\n<li>Inkl. Gesichts- und Defektdeckung mit lokalen Lappenplastiken<\/li>\n<li>Spalthaut-, Vollhauttransplantationen<\/li>\n<\/ul>\n<h3>Chronische Wunden \/ Problemwunden<\/h3>\n<ul>\n<li>Bei PAVK und ven\u00f6ser Insuffizienz<\/li>\n<li>Diabetes mellitus<\/li>\n<li>Dekubitus<\/li>\n<\/ul>\n<h3>Augennahe Chirurgie<\/h3>\n<ul>\n<li>Chirurgische Therapie im Bereich der Ober- und Unterlider, Oberlidblepharochalasis- \u201eSchlupflider\u201c, \u201eTr\u00e4nens\u00e4cke\u201c, \u201eFestoons\u201c, \u201eMalar bags\u201c, Ektropium \u2013 Ausw\u00e4rtskippung des Unterlides<\/li>\n<\/ul>\n<h3>K\u00f6rperformende Eingriffe<\/h3>\n<ul>\n<li>Fettabsaugungen (Liposuktion)<\/li>\n<li>K\u00f6rperstraffende Chirurgie \/ chirurgische Therapie von \u00fcbersch\u00fcssigem Haut- und Weichteilgewebe nach massiver Gewichtsabnahme (durch Lifestylemodifikation oder nach bariatrischer Operation)<\/li>\n<li>Bauchdeckenstraffung (Mini-) Abdominoplastik, Beltlift, Oberschenkelstraffung, Oberarmstraffung, Body Lift, Dermolipektomien<\/li>\n<\/ul>\n<h3>Intimchirurgie<\/h3>\n<ul>\n<li>Schamlippenverkleinerung<\/li>\n<li>Narbenkorrektur<\/li>\n<li>Schamh\u00fcgelverkleinerung<\/li>\n<li>Samenleiterrekonstruktion nach Unterbindung<\/li>\n<\/ul>\n<h3>Chirurgische Therapie des \u00e4u\u00dferen Ohres<\/h3>\n<ul>\n<li>Abstehende Ohren<\/li>\n<li>Asymmetrien<\/li>\n<li>Ohrl\u00e4ppchenrekonstruktion (nach Piercings, Tunnels etc.)<\/li>\n<\/ul>\n<h3>Botulinumtoxin etc.<\/h3>\n<ul>\n<li>Botulinumtoxin bei Falten, Migr\u00e4ne, \u00fcberm\u00e4\u00dfigem Schwitzen etc.<\/li>\n<li>Hyalurons\u00e4ure (&#8220;Filler&#8221;)<\/li>\n<li>Behandlungen mit PRP (Platelet Rich Plasma; &#8220;Vampirlift&#8221;)<\/li>\n<li>Mikroneedling zur Verbesserung des Hautbildes bzw. von Narben<\/li>\n<\/ul>\n<h3>Neu<\/h3>\n<ul>\n<li>Eigenfett zur Behandlung von Arthrose und Gelenksverschlei\u00df mit dem Lipogems\u00ae-Verfahren (<a href=\"http:\/\/www.lipogems.com\" target=\"_blank\" rel=\"noopener\">www.lipogems.com<\/a>)<\/li>\n<\/ul>                    <\/div>\n                <\/div>\n                                <div class=\"arzt-detail-infos-item arzt-detail-infos-biography accordion-wrapper\">\n                    <h3 class=\"arzt-detail-infos-title accordion-title\">\n                        Biography<\/h3>\n                    <div class=\"arzt-detail-infos-content accordion-content\"><h3>Diverses<\/h3>\n<p><strong><br \/><\/strong>Studium der Humanmedizin an der Universit\u00e4t Wien, begleitend Ordinationsassistentin in einer Hausarztpraxis.<br \/>Promotion zur Doktorin der gesamten Heilkunde 2007.\u00a0<br \/><br \/>Ausbildung in Orthop\u00e4die und Unfallchirurgie, Heiden\/St.Gallen, Schweiz sowie in Neurochirurgie, Hamburg, Deutschland von 2008 bis 2011.<br \/><br \/>Ausbildung zur Fach\u00e4rztin f\u00fcr Plastische, \u00c4sthetische und Rekonstruktive Chirurgie in Soest, Deutschland und am LKH-Universit\u00e4tsklinikum Graz mit Gegenfachausbildung in Angiologie und Anatomie 2011 bis 2017.<br \/>Gegenfachausbildung in Allgemeinchirurgie am BKH St.Johann in Tirol.<br \/><br \/>Fach\u00e4rztin und Ober\u00e4rztin an der Abteilung f\u00fcr Plastische, \u00c4sthetische und Rekonstruktive Chirurgie im LKH-Universit\u00e4tsklinikum Graz bis 2020.<br \/><br \/>Niedergelassen t\u00e4tig als Fach\u00e4rztin f\u00fcr Plastische Chirurgie in Saalfelden, Mogersdorf und Wien in Zusammenarbeit mit Univ.Doz.Dr.Artur Worseg.<br \/><br \/>Ordentliches Mitglied der \u00d6sterreichischen Gesellschaft f\u00fcr Plastische, \u00c4sthetische und Rekonstruktive Chirurgie (\u00d6GP\u00c4RC) sowie der \u00d6sterreichischen Gesellschaft f\u00fcr Chirurgie (OEGCH)<br \/><br \/>Link Publikationen: https:\/\/www.researchgate.net\/profile\/Patricia-Lebo<br \/><br \/><strong>Sprachen:<\/strong><br \/>Deutsch, Englisch, Kroatisch<\/p>                    <\/div>\n                <\/div>\n                                            <\/div>\n            <div class=\"arzt-detail-infos-gallery-wrapper image-block-3-wrapper\">\n                <div class=\"image-block-3-inner\">\n                                    <\/div>\n            <\/div>\n        <\/div>\n    <\/div>\n<\/div>\n\n\n<\/div><\/div><\/div>\n<\/div><div class=\"leistungen-content-item\" data-posttitle=\"tauerndiagnostik\" data-category=\"diagnostics services\">\n<div class=\"wp-block-buttons is-layout-flex wp-block-buttons-is-layout-flex\">\n<div class=\"wp-block-button\"><a class=\"wp-block-button__link\" href=\"https:\/\/www.tauerndiagnostik.at\/\" target=\"_blank\" rel=\"noreferrer noopener\">More about Tauern diagnostics<\/a><\/div>\n<\/div>\n\n<p><\/p>\n<\/div><\/div><\/div>\n\n\n\n<p><\/p>\n","protected":false},"excerpt":{"rendered":"","protected":false},"author":3,"featured_media":0,"parent":0,"menu_order":5,"comment_status":"closed","ping_status":"closed","template":"","meta":{"_acf_changed":false,"inline_featured_image":false,"job-start":"","job-location":"","footnotes":""},"class_list":["post-1736","page","type-page","status-publish","hentry"],"acf":{"photo_gallery":{"header-gallery":[[{"id":628,"title":"Arzt-Patient-3","caption":"Privatklinik Ritzensee \u2695\ufe0f Spitzenmedizin im Salzburger Land","full_image_url":"https:\/\/www.privatklinik-ritzensee.at\/wp-content\/uploads\/2022\/01\/Arzt-Patient-3.jpg","thumbnail_image_url":"https:\/\/www.privatklinik-ritzensee.at\/wp-content\/uploads\/2022\/01\/Arzt-Patient-3-150x150.jpg","large_srcset":"https:\/\/www.privatklinik-ritzensee.at\/wp-content\/uploads\/2022\/01\/Arzt-Patient-3-1024x432.jpg 1024w, https:\/\/www.privatklinik-ritzensee.at\/wp-content\/uploads\/2022\/01\/Arzt-Patient-3-300x127.jpg 300w, https:\/\/www.privatklinik-ritzensee.at\/wp-content\/uploads\/2022\/01\/Arzt-Patient-3-768x324.jpg 768w, https:\/\/www.privatklinik-ritzensee.at\/wp-content\/uploads\/2022\/01\/Arzt-Patient-3-1536x648.jpg 1536w, https:\/\/www.privatklinik-ritzensee.at\/wp-content\/uploads\/2022\/01\/Arzt-Patient-3.jpg 1920w","medium_srcset":"https:\/\/www.privatklinik-ritzensee.at\/wp-content\/uploads\/2022\/01\/Arzt-Patient-3-300x127.jpg 300w, https:\/\/www.privatklinik-ritzensee.at\/wp-content\/uploads\/2022\/01\/Arzt-Patient-3-1024x432.jpg 1024w, https:\/\/www.privatklinik-ritzensee.at\/wp-content\/uploads\/2022\/01\/Arzt-Patient-3-768x324.jpg 768w, https:\/\/www.privatklinik-ritzensee.at\/wp-content\/uploads\/2022\/01\/Arzt-Patient-3-1536x648.jpg 1536w, https:\/\/www.privatklinik-ritzensee.at\/wp-content\/uploads\/2022\/01\/Arzt-Patient-3.jpg 1920w","media_details":{"width":1920,"height":810,"sizes":{"medium":{"file":"Arzt-Patient-3-300x127.jpg","width":300,"height":127,"mime-type":"image\/jpeg","source_url":"https:\/\/www.privatklinik-ritzensee.at\/wp-content\/uploads\/2022\/01\/Arzt-Patient-3-300x127.jpg"},"large":{"file":"Arzt-Patient-3-1024x432.jpg","width":1024,"height":432,"mime-type":"image\/jpeg","source_url":"https:\/\/www.privatklinik-ritzensee.at\/wp-content\/uploads\/2022\/01\/Arzt-Patient-3-1024x432.jpg"},"thumbnail":{"file":"Arzt-Patient-3-150x150.jpg","width":150,"height":150,"mime-type":"image\/jpeg","source_url":"https:\/\/www.privatklinik-ritzensee.at\/wp-content\/uploads\/2022\/01\/Arzt-Patient-3-150x150.jpg"},"medium_large":{"file":"Arzt-Patient-3-768x324.jpg","width":768,"height":324,"mime-type":"image\/jpeg","source_url":"https:\/\/www.privatklinik-ritzensee.at\/wp-content\/uploads\/2022\/01\/Arzt-Patient-3-768x324.jpg"},"1536x1536":{"file":"Arzt-Patient-3-1536x648.jpg","width":1536,"height":648,"mime-type":"image\/jpeg","source_url":"https:\/\/www.privatklinik-ritzensee.at\/wp-content\/uploads\/2022\/01\/Arzt-Patient-3-1536x648.jpg"}}},"alt_text":"Privatklinik Ritzensee \u2695\ufe0f Spitzenmedizin im Salzburger Land","url":"","target":""}]]}},"yoast_head":"<!-- This site is optimized with the Yoast SEO plugin v27.4 - https:\/\/yoast.com\/product\/yoast-seo-wordpress\/ -->\n<title>Den richtigen Facharzt finden \u2013 im Salzburger Land.<\/title>\n<meta name=\"description\" content=\"An der Privatklinik Ritzensee arbeiten \u00c4rzt:innen aus den unterschiedlichen medizinischen Sektoren f\u00fcr das Wohlbefinden der Patient:innen.\" \/>\n<meta name=\"robots\" content=\"index, follow, max-snippet:-1, max-image-preview:large, max-video-preview:-1\" \/>\n<link rel=\"canonical\" href=\"https:\/\/www.privatklinik-ritzensee.at\/en\/services\/\" \/>\n<meta property=\"og:locale\" content=\"en_US\" \/>\n<meta property=\"og:type\" content=\"article\" \/>\n<meta property=\"og:title\" content=\"Den richtigen Facharzt finden \u2013 im Salzburger Land.\" \/>\n<meta property=\"og:description\" content=\"An der Privatklinik Ritzensee arbeiten \u00c4rzt:innen aus den unterschiedlichen medizinischen Sektoren f\u00fcr das Wohlbefinden der Patient:innen.\" \/>\n<meta property=\"og:url\" content=\"https:\/\/www.privatklinik-ritzensee.at\/en\/services\/\" \/>\n<meta property=\"og:site_name\" content=\"Private Clinic Ritzensee\" \/>\n<meta property=\"article:modified_time\" content=\"2025-03-14T11:15:49+00:00\" \/>\n<meta name=\"twitter:card\" content=\"summary_large_image\" \/>\n<script type=\"application\/ld+json\" class=\"yoast-schema-graph\">{\"@context\":\"https:\\\/\\\/schema.org\",\"@graph\":[{\"@type\":\"WebPage\",\"@id\":\"https:\\\/\\\/www.privatklinik-ritzensee.at\\\/en\\\/services\\\/\",\"url\":\"https:\\\/\\\/www.privatklinik-ritzensee.at\\\/en\\\/services\\\/\",\"name\":\"Den richtigen Facharzt finden \u2013 im Salzburger Land.\",\"isPartOf\":{\"@id\":\"https:\\\/\\\/www.privatklinik-ritzensee.at\\\/en\\\/#website\"},\"datePublished\":\"2021-11-03T13:08:22+00:00\",\"dateModified\":\"2025-03-14T11:15:49+00:00\",\"description\":\"An der Privatklinik Ritzensee arbeiten \u00c4rzt:innen aus den unterschiedlichen medizinischen Sektoren f\u00fcr das Wohlbefinden der Patient:innen.\",\"breadcrumb\":{\"@id\":\"https:\\\/\\\/www.privatklinik-ritzensee.at\\\/en\\\/services\\\/#breadcrumb\"},\"inLanguage\":\"en-US\",\"potentialAction\":[{\"@type\":\"ReadAction\",\"target\":[\"https:\\\/\\\/www.privatklinik-ritzensee.at\\\/en\\\/services\\\/\"]}]},{\"@type\":\"BreadcrumbList\",\"@id\":\"https:\\\/\\\/www.privatklinik-ritzensee.at\\\/en\\\/services\\\/#breadcrumb\",\"itemListElement\":[{\"@type\":\"ListItem\",\"position\":1,\"name\":\"Startseite\",\"item\":\"https:\\\/\\\/www.privatklinik-ritzensee.at\\\/en\\\/\"},{\"@type\":\"ListItem\",\"position\":2,\"name\":\"Services\"}]},{\"@type\":\"WebSite\",\"@id\":\"https:\\\/\\\/www.privatklinik-ritzensee.at\\\/en\\\/#website\",\"url\":\"https:\\\/\\\/www.privatklinik-ritzensee.at\\\/en\\\/\",\"name\":\"Private Clinic Ritzensee\",\"description\":\"Top Medical Care in Salzburg Region \u2695\ufe0f\",\"potentialAction\":[{\"@type\":\"SearchAction\",\"target\":{\"@type\":\"EntryPoint\",\"urlTemplate\":\"https:\\\/\\\/www.privatklinik-ritzensee.at\\\/en\\\/?s={search_term_string}\"},\"query-input\":{\"@type\":\"PropertyValueSpecification\",\"valueRequired\":true,\"valueName\":\"search_term_string\"}}],\"inLanguage\":\"en-US\"}]}<\/script>\n<!-- \/ Yoast SEO plugin. -->","yoast_head_json":{"title":"Den richtigen Facharzt finden \u2013 im Salzburger Land.","description":"An der Privatklinik Ritzensee arbeiten \u00c4rzt:innen aus den unterschiedlichen medizinischen Sektoren f\u00fcr das Wohlbefinden der Patient:innen.","robots":{"index":"index","follow":"follow","max-snippet":"max-snippet:-1","max-image-preview":"max-image-preview:large","max-video-preview":"max-video-preview:-1"},"canonical":"https:\/\/www.privatklinik-ritzensee.at\/en\/services\/","og_locale":"en_US","og_type":"article","og_title":"Den richtigen Facharzt finden \u2013 im Salzburger Land.","og_description":"An der Privatklinik Ritzensee arbeiten \u00c4rzt:innen aus den unterschiedlichen medizinischen Sektoren f\u00fcr das Wohlbefinden der Patient:innen.","og_url":"https:\/\/www.privatklinik-ritzensee.at\/en\/services\/","og_site_name":"Private Clinic Ritzensee","article_modified_time":"2025-03-14T11:15:49+00:00","twitter_card":"summary_large_image","schema":{"@context":"https:\/\/schema.org","@graph":[{"@type":"WebPage","@id":"https:\/\/www.privatklinik-ritzensee.at\/en\/services\/","url":"https:\/\/www.privatklinik-ritzensee.at\/en\/services\/","name":"Den richtigen Facharzt finden \u2013 im Salzburger Land.","isPartOf":{"@id":"https:\/\/www.privatklinik-ritzensee.at\/en\/#website"},"datePublished":"2021-11-03T13:08:22+00:00","dateModified":"2025-03-14T11:15:49+00:00","description":"An der Privatklinik Ritzensee arbeiten \u00c4rzt:innen aus den unterschiedlichen medizinischen Sektoren f\u00fcr das Wohlbefinden der Patient:innen.","breadcrumb":{"@id":"https:\/\/www.privatklinik-ritzensee.at\/en\/services\/#breadcrumb"},"inLanguage":"en-US","potentialAction":[{"@type":"ReadAction","target":["https:\/\/www.privatklinik-ritzensee.at\/en\/services\/"]}]},{"@type":"BreadcrumbList","@id":"https:\/\/www.privatklinik-ritzensee.at\/en\/services\/#breadcrumb","itemListElement":[{"@type":"ListItem","position":1,"name":"Startseite","item":"https:\/\/www.privatklinik-ritzensee.at\/en\/"},{"@type":"ListItem","position":2,"name":"Services"}]},{"@type":"WebSite","@id":"https:\/\/www.privatklinik-ritzensee.at\/en\/#website","url":"https:\/\/www.privatklinik-ritzensee.at\/en\/","name":"Private Clinic Ritzensee","description":"Top Medical Care in Salzburg Region \u2695\ufe0f","potentialAction":[{"@type":"SearchAction","target":{"@type":"EntryPoint","urlTemplate":"https:\/\/www.privatklinik-ritzensee.at\/en\/?s={search_term_string}"},"query-input":{"@type":"PropertyValueSpecification","valueRequired":true,"valueName":"search_term_string"}}],"inLanguage":"en-US"}]}},"_links":{"self":[{"href":"https:\/\/www.privatklinik-ritzensee.at\/en\/wp-json\/wp\/v2\/pages\/1736","targetHints":{"allow":["GET"]}}],"collection":[{"href":"https:\/\/www.privatklinik-ritzensee.at\/en\/wp-json\/wp\/v2\/pages"}],"about":[{"href":"https:\/\/www.privatklinik-ritzensee.at\/en\/wp-json\/wp\/v2\/types\/page"}],"author":[{"embeddable":true,"href":"https:\/\/www.privatklinik-ritzensee.at\/en\/wp-json\/wp\/v2\/users\/3"}],"replies":[{"embeddable":true,"href":"https:\/\/www.privatklinik-ritzensee.at\/en\/wp-json\/wp\/v2\/comments?post=1736"}],"version-history":[{"count":0,"href":"https:\/\/www.privatklinik-ritzensee.at\/en\/wp-json\/wp\/v2\/pages\/1736\/revisions"}],"wp:attachment":[{"href":"https:\/\/www.privatklinik-ritzensee.at\/en\/wp-json\/wp\/v2\/media?parent=1736"}],"curies":[{"name":"wp","href":"https:\/\/api.w.org\/{rel}","templated":true}]}}